{"id":73,"date":"2022-09-06T16:29:58","date_gmt":"2022-09-06T16:29:58","guid":{"rendered":"https:\/\/agendaurbana.alcoi.org\/home\/"},"modified":"2025-01-28T08:12:39","modified_gmt":"2025-01-28T08:12:39","slug":"agenda-urbana-alcoy","status":"publish","type":"page","link":"https:\/\/agendaurbana.alcoi.org\/es\/","title":{"rendered":"Home"},"content":{"rendered":"\n<p>Recibid la bienvenida a la p\u00e1gina web de la Agenda Urbana de Alcoy. \u00bfQu\u00e9 es la Agenda Urbana? Se trata de la hoja de ruta que va a marcar la estrategia y las acciones a llevar a cabo hasta 2030, para hacer de nuestros pueblos y ciudades \u00e1mbitos de convivencia amables, acogedores, saludables y concienciados. El Consejo de Ministros aprob\u00f3 la <a href=\"https:\/\/www.aue.gob.es\/\" target=\"_blank\" rel=\"noreferrer noopener\">Agenda Urbana Espa\u00f1ola<\/a> el 22 de febrero de 2019, que se constituye como un verdadero \u201cmen\u00fa a la carta\u201d para que todos los actores, p\u00fablicos y privados, que intervienen en las ciudades y que buscan un desarrollo equitativo, justo y sostenible desde sus distintos campos de actuaci\u00f3n, puedan elaborar sus propios <a href=\"https:\/\/agendaurbana.alcoi.org\/es\/fases\/plan-de-accion-agenda-urbana-alcoi\/\">Planes de Acci\u00f3n<\/a>.<\/p>\n\n\n\n<p><strong><a href=\"https:\/\/agendaurbana.alcoi.org\/wp-content\/uploads\/2025\/01\/Presentacio-actualitzacio-Agenda-Urbana-i-PAI-Alcoi-23.01.25.pdf\">\u00daLTIMAS MODIFICACIONES DE LA AGENDA URBANA PARA ELABORAR EL PLAN DE ACTUACI\u00d3N INTEGRAL (PAI)<\/a><\/strong><\/p>\n\n\n\n<p><a href=\"https:\/\/agendaurbana.alcoi.org\/wp-content\/uploads\/2025\/01\/250123_Agenda-Urbana.pdf\"><strong>PROYECTOS INCLUIDOS EN EL PLAN DE ACTUACI\u00d3N INTEGRAL <\/strong><\/a><\/p>\n","protected":false},"excerpt":{"rendered":"<p>Recibid la bienvenida a la p\u00e1gina web de la Agenda Urbana de Alcoy. \u00bfQu\u00e9 es la Agenda Urbana? Se trata de la hoja de ruta que va a marcar la estrategia y las acciones a llevar a cabo hasta 2030, para hacer de nuestros pueblos y ciudades \u00e1mbitos de convivencia amables, acogedores, saludables y concienciados. &hellip; <a href=\"https:\/\/agendaurbana.alcoi.org\/es\/\">Continued<\/a><\/p>\n","protected":false},"author":1,"featured_media":0,"parent":0,"menu_order":0,"comment_status":"closed","ping_status":"closed","template":"front-page.php","meta":{"inline_featured_image":false,"footnotes":""},"class_list":["post-73","page","type-page","status-publish","hentry"],"acf":[],"yoast_head":"<!-- This site is optimized with the Yoast SEO plugin v19.9 - https:\/\/yoast.com\/wordpress\/plugins\/seo\/ -->\n<title>Home - Alcoi2030<\/title>\n<meta name=\"description\" content=\"P\u00e1gina web de la Agenda Urbana de Alcoy, en la que encontrar\u00e9is el Plan de Acci\u00f3n, las noticias, proyectos y fases de participaci\u00f3n.\" \/>\n<meta name=\"robots\" content=\"index, follow, max-snippet:-1, max-image-preview:large, max-video-preview:-1\" \/>\n<link rel=\"canonical\" href=\"https:\/\/agendaurbana.alcoi.org\/es\/\" \/>\n<meta property=\"og:locale\" content=\"es_ES\" \/>\n<meta property=\"og:type\" content=\"article\" \/>\n<meta property=\"og:title\" content=\"Home - Alcoi2030\" \/>\n<meta property=\"og:description\" content=\"P\u00e1gina web de la Agenda Urbana de Alcoy, en la que encontrar\u00e9is el Plan de Acci\u00f3n, las noticias, proyectos y fases de participaci\u00f3n.\" \/>\n<meta property=\"og:url\" content=\"https:\/\/agendaurbana.alcoi.org\/es\/\" \/>\n<meta property=\"og:site_name\" content=\"Alcoi2030\" \/>\n<meta property=\"article:publisher\" content=\"https:\/\/www.facebook.com\/ajuntamentalcoi\/\" \/>\n<meta property=\"article:modified_time\" content=\"2025-01-28T08:12:39+00:00\" \/>\n<meta property=\"og:image\" content=\"https:\/\/agendaurbana.alcoi.org\/wp-content\/uploads\/2022\/10\/cropped-favicon.png\" \/>\n\t<meta property=\"og:image:width\" content=\"512\" \/>\n\t<meta property=\"og:image:height\" content=\"512\" \/>\n\t<meta property=\"og:image:type\" content=\"image\/png\" \/>\n<meta name=\"twitter:card\" content=\"summary_large_image\" \/>\n<meta name=\"twitter:site\" content=\"@AjuntamentAlcoi\" \/>\n<meta name=\"twitter:label1\" content=\"Tiempo de lectura\" \/>\n\t<meta name=\"twitter:data1\" content=\"1 minuto\" \/>\n<script type=\"application\/ld+json\" class=\"yoast-schema-graph\">{\"@context\":\"https:\/\/schema.org\",\"@graph\":[{\"@type\":\"WebPage\",\"@id\":\"https:\/\/agendaurbana.alcoi.org\/es\/\",\"url\":\"https:\/\/agendaurbana.alcoi.org\/es\/\",\"name\":\"Home - Alcoi2030\",\"isPartOf\":{\"@id\":\"https:\/\/agendaurbana.alcoi.org\/#website\"},\"datePublished\":\"2022-09-06T16:29:58+00:00\",\"dateModified\":\"2025-01-28T08:12:39+00:00\",\"description\":\"P\u00e1gina web de la Agenda Urbana de Alcoy, en la que encontrar\u00e9is el Plan de Acci\u00f3n, las noticias, proyectos y fases de participaci\u00f3n.\",\"breadcrumb\":{\"@id\":\"https:\/\/agendaurbana.alcoi.org\/es\/#breadcrumb\"},\"inLanguage\":\"es\",\"potentialAction\":[{\"@type\":\"ReadAction\",\"target\":[\"https:\/\/agendaurbana.alcoi.org\/es\/\"]}]},{\"@type\":\"BreadcrumbList\",\"@id\":\"https:\/\/agendaurbana.alcoi.org\/es\/#breadcrumb\",\"itemListElement\":[{\"@type\":\"ListItem\",\"position\":1,\"name\":\"Portada\",\"item\":\"https:\/\/agendaurbana.alcoi.org\/es\/\"},{\"@type\":\"ListItem\",\"position\":2,\"name\":\"Home\"}]},{\"@type\":\"WebSite\",\"@id\":\"https:\/\/agendaurbana.alcoi.org\/#website\",\"url\":\"https:\/\/agendaurbana.alcoi.org\/\",\"name\":\"Alcoi2030\",\"description\":\"Agenda urbana\",\"publisher\":{\"@id\":\"https:\/\/agendaurbana.alcoi.org\/#organization\"},\"potentialAction\":[{\"@type\":\"SearchAction\",\"target\":{\"@type\":\"EntryPoint\",\"urlTemplate\":\"https:\/\/agendaurbana.alcoi.org\/?s={search_term_string}\"},\"query-input\":\"required name=search_term_string\"}],\"inLanguage\":\"es\"},{\"@type\":\"Organization\",\"@id\":\"https:\/\/agendaurbana.alcoi.org\/#organization\",\"name\":\"Alcoi2030\",\"url\":\"https:\/\/agendaurbana.alcoi.org\/\",\"logo\":{\"@type\":\"ImageObject\",\"inLanguage\":\"es\",\"@id\":\"https:\/\/agendaurbana.alcoi.org\/#\/schema\/logo\/image\/\",\"url\":\"https:\/\/agendaurbana.alcoi.org\/wp-content\/uploads\/2022\/10\/cropped-favicon.png\",\"contentUrl\":\"https:\/\/agendaurbana.alcoi.org\/wp-content\/uploads\/2022\/10\/cropped-favicon.png\",\"width\":512,\"height\":512,\"caption\":\"Alcoi2030\"},\"image\":{\"@id\":\"https:\/\/agendaurbana.alcoi.org\/#\/schema\/logo\/image\/\"},\"sameAs\":[\"https:\/\/www.facebook.com\/ajuntamentalcoi\/\",\"https:\/\/twitter.com\/AjuntamentAlcoi\"]}]}<\/script>\n<!-- \/ Yoast SEO plugin. -->","yoast_head_json":{"title":"Home - Alcoi2030","description":"P\u00e1gina web de la Agenda Urbana de Alcoy, en la que encontrar\u00e9is el Plan de Acci\u00f3n, las noticias, proyectos y fases de participaci\u00f3n.","robots":{"index":"index","follow":"follow","max-snippet":"max-snippet:-1","max-image-preview":"max-image-preview:large","max-video-preview":"max-video-preview:-1"},"canonical":"https:\/\/agendaurbana.alcoi.org\/es\/","og_locale":"es_ES","og_type":"article","og_title":"Home - Alcoi2030","og_description":"P\u00e1gina web de la Agenda Urbana de Alcoy, en la que encontrar\u00e9is el Plan de Acci\u00f3n, las noticias, proyectos y fases de participaci\u00f3n.","og_url":"https:\/\/agendaurbana.alcoi.org\/es\/","og_site_name":"Alcoi2030","article_publisher":"https:\/\/www.facebook.com\/ajuntamentalcoi\/","article_modified_time":"2025-01-28T08:12:39+00:00","og_image":[{"width":512,"height":512,"url":"https:\/\/agendaurbana.alcoi.org\/wp-content\/uploads\/2022\/10\/cropped-favicon.png","type":"image\/png"}],"twitter_card":"summary_large_image","twitter_site":"@AjuntamentAlcoi","twitter_misc":{"Tiempo de lectura":"1 minuto"},"schema":{"@context":"https:\/\/schema.org","@graph":[{"@type":"WebPage","@id":"https:\/\/agendaurbana.alcoi.org\/es\/","url":"https:\/\/agendaurbana.alcoi.org\/es\/","name":"Home - Alcoi2030","isPartOf":{"@id":"https:\/\/agendaurbana.alcoi.org\/#website"},"datePublished":"2022-09-06T16:29:58+00:00","dateModified":"2025-01-28T08:12:39+00:00","description":"P\u00e1gina web de la Agenda Urbana de Alcoy, en la que encontrar\u00e9is el Plan de Acci\u00f3n, las noticias, proyectos y fases de participaci\u00f3n.","breadcrumb":{"@id":"https:\/\/agendaurbana.alcoi.org\/es\/#breadcrumb"},"inLanguage":"es","potentialAction":[{"@type":"ReadAction","target":["https:\/\/agendaurbana.alcoi.org\/es\/"]}]},{"@type":"BreadcrumbList","@id":"https:\/\/agendaurbana.alcoi.org\/es\/#breadcrumb","itemListElement":[{"@type":"ListItem","position":1,"name":"Portada","item":"https:\/\/agendaurbana.alcoi.org\/es\/"},{"@type":"ListItem","position":2,"name":"Home"}]},{"@type":"WebSite","@id":"https:\/\/agendaurbana.alcoi.org\/#website","url":"https:\/\/agendaurbana.alcoi.org\/","name":"Alcoi2030","description":"Agenda urbana","publisher":{"@id":"https:\/\/agendaurbana.alcoi.org\/#organization"},"potentialAction":[{"@type":"SearchAction","target":{"@type":"EntryPoint","urlTemplate":"https:\/\/agendaurbana.alcoi.org\/?s={search_term_string}"},"query-input":"required name=search_term_string"}],"inLanguage":"es"},{"@type":"Organization","@id":"https:\/\/agendaurbana.alcoi.org\/#organization","name":"Alcoi2030","url":"https:\/\/agendaurbana.alcoi.org\/","logo":{"@type":"ImageObject","inLanguage":"es","@id":"https:\/\/agendaurbana.alcoi.org\/#\/schema\/logo\/image\/","url":"https:\/\/agendaurbana.alcoi.org\/wp-content\/uploads\/2022\/10\/cropped-favicon.png","contentUrl":"https:\/\/agendaurbana.alcoi.org\/wp-content\/uploads\/2022\/10\/cropped-favicon.png","width":512,"height":512,"caption":"Alcoi2030"},"image":{"@id":"https:\/\/agendaurbana.alcoi.org\/#\/schema\/logo\/image\/"},"sameAs":["https:\/\/www.facebook.com\/ajuntamentalcoi\/","https:\/\/twitter.com\/AjuntamentAlcoi"]}]}},"_links":{"self":[{"href":"https:\/\/agendaurbana.alcoi.org\/es\/wp-json\/wp\/v2\/pages\/73","targetHints":{"allow":["GET"]}}],"collection":[{"href":"https:\/\/agendaurbana.alcoi.org\/es\/wp-json\/wp\/v2\/pages"}],"about":[{"href":"https:\/\/agendaurbana.alcoi.org\/es\/wp-json\/wp\/v2\/types\/page"}],"author":[{"embeddable":true,"href":"https:\/\/agendaurbana.alcoi.org\/es\/wp-json\/wp\/v2\/users\/1"}],"replies":[{"embeddable":true,"href":"https:\/\/agendaurbana.alcoi.org\/es\/wp-json\/wp\/v2\/comments?post=73"}],"version-history":[{"count":38,"href":"https:\/\/agendaurbana.alcoi.org\/es\/wp-json\/wp\/v2\/pages\/73\/revisions"}],"predecessor-version":[{"id":1580,"href":"https:\/\/agendaurbana.alcoi.org\/es\/wp-json\/wp\/v2\/pages\/73\/revisions\/1580"}],"wp:attachment":[{"href":"https:\/\/agendaurbana.alcoi.org\/es\/wp-json\/wp\/v2\/media?parent=73"}],"curies":[{"name":"wp","href":"https:\/\/api.w.org\/{rel}","templated":true}]}}